{"version":"1.0","provider_name":"Utazz Topival - Tippek kis \u00e9s nagy felfedez\u0151knek","provider_url":"https:\/\/utazztopival.cafeblog.hu","author_name":"Utazz Topival - Tippek kis \u00e9s nagy felfedez\u0151knek","author_url":"https:\/\/utazztopival.cafeblog.hu\/author\/utazz_topival_-_tippek_kis_es_nagy_felfedezoknek\/","title":"\u00c1PRILISI H\u00cdRESS\u00c9G","html":"<h2><span style=\"color: #ff6600\">S\u00e1rk\u00e1ny\u00f6l\u0151 Szent Gy\u00f6rgy<\/span><\/h2>\r\n<p>&nbsp;<\/p>\r\n<p>Ezerh\u00e9tsz\u00e1z \u00e9vvel ezel\u0151tt \u00e9lt egy katona, akinek val\u00f3di \u00e9lett\u00f6rt\u00e9net\u00e9t r\u00e9g elmosta az id\u0151, de legend\u00e1ja kit\u00f6r\u00f6lhetetlen\u00fcl \u00e9l az ut\u00f3dok eml\u00e9kezet\u00e9ben.<\/p>\r\n<p>A legenda szerint Silena v\u00e1ros k\u00f6zel\u00e9ben l\u00e9v\u0151 t\u00f3ban lakott egy m\u00e9rges s\u00e1rk\u00e1ny, amely az ellene vonul\u00f3 fegyveres n\u00e9pet t\u00f6bbsz\u00f6r megfutam\u00edtotta.\u00a0A polg\u00e1rok elhat\u00e1rozt\u00e1k, hogy napi k\u00e9t juhot fel\u00e1ldozva t\u00e1vol tartj\u00e1k a v\u00e1rost\u00f3l.\u00a0\u00c1m a juhok elfogytak, \u00e9s a sz\u00f6rnycsap\u00e1s elker\u00fcl\u00e9s\u00e9re imm\u00e1r naponta egy embert k\u00fcldenek \u00e1ldozatul a s\u00e1rk\u00e1nynak.<br \/>Sorsot vetettek egym\u00e1sra, \u00e9s senki sem vonhatta ki mag\u00e1t al\u00f3la.\u00a0Amikor m\u00e1r majdnem kihalt a v\u00e1ros, a kir\u00e1ly le\u00e1ny\u00e1ra esett a v\u00e1laszt\u00e1s.\u00a0Sors\u00e1ba belet\u00f6r\u0151dve ment a t\u00f3hoz, amikor Gy\u00f6rgy katona \u00e9pp arra lovagolt. A le\u00e1ny elk\u00fcldte a lovast, de \u0151 nem t\u00e1g\u00edtott, r\u00e9szleteiben akarta megtudni, hogy mi zajlik a t\u00f3n\u00e1l. A le\u00e1ny mindent elmes\u00e9lt, \u00e9s Gy\u00f6rgy ezt mondta: \u201cNe f\u00e9lj, seg\u00edtek rajtad Krisztus nev\u00e9ben\u201d.<\/p>\r\n<p><a class=\"cboxElement\" title=\"Szent Gy\u00f6rgy\" href=\"http:\/\/erdelyben.info\/wp-content\/uploads\/2013\/09\/gyorgy2.jpg\" rel=\"lightbox[1588]\"><img class=\"aligncenter size-medium wp-image-1590\" title=\"Szent Gy\u00f6rgy\" src=\"https:\/\/utazztopival.cafeblog.hu\/files\/2019\/04\/gyorgy2-253x300-5.jpg\" alt=\"\" width=\"253\" height=\"300\" \/><\/a><\/p>\r\n<p>A s\u00e1rk\u00e1ny a szokott id\u0151ben kij\u00f6tt a t\u00f3b\u00f3l, \u00e9s el akarta ragadni a kir\u00e1lyl\u00e1nyt, \u00e1m Gy\u00f6rgy lov\u00e1ra f\u00f6lpattanva szembe ker\u00fclt vele, \u00e9s z\u00e1szl\u00f3s l\u00e1ndzs\u00e1j\u00e1val olyan s\u00falyos csap\u00e1st m\u00e9rt a s\u00e1rk\u00e1nyra, hogy az a f\u00f6ldre zuhant. Akkor der\u00e9k\u00f6v\u00e9t a l\u00e1nnyal r\u00e1k\u00f6ttette a s\u00e1rk\u00e1ny nyak\u00e1ra, \u00e9s a s\u00e1rk\u00e1ny, mint egy szel\u00edd kutya, \u00fagy k\u00f6vette p\u00f3r\u00e1zon Gy\u00f6rgy\u00f6t \u00e9s a kir\u00e1lyl\u00e1nyt a v\u00e1rosba. A v\u00e1ros n\u00e9pe rettenetesen megijedt, \u00e1m Gy\u00f6rgy ezt mondta nekik: \u201cNe f\u00e9ljetek, az \u00dar k\u00fcld\u00f6tt hozz\u00e1tok, hogy megszabad\u00edtsalak titeket ett\u0151l a s\u00e1rk\u00e1nyt\u00f3l. Ez\u00e9rt higgyetek Krisztusban, \u00e9s keresztelkedjetek meg, akkor meg\u00f6l\u00f6m ezt a s\u00e1rk\u00e1nyt.\u201d\u00a0Ett\u0151l a lelkes\u00edt\u0151 sz\u00f3zatt\u00f3l megindulva a kir\u00e1ly \u00e9s n\u00e9pe megkeresztelkedett, Gy\u00f6rgy pedig kih\u00fazta kardj\u00e1t \u00e9s meg\u00f6lte a s\u00e1rk\u00e1nyt.\u00a0Ugyanott, ahol ez az eset t\u00f6rt\u00e9nt, templomot \u00e9p\u00edtettek, az olt\u00e1rn\u00e1l \u00e9l\u0151 forr\u00e1s fakadt, amely meggy\u00f3gy\u00edtott minden beteget, aki csak ivott a forr\u00e1s viz\u00e9b\u0151l.<\/p>\r\n<p>Forr\u00e1s: erdelyben.info<\/p>\r\n<p>&nbsp;<\/p>\r\n<h2 align=\"JUSTIFY\"><span style=\"color: #ff6600\"><span style=\"font-family: Verdana, sans-serif\"><span style=\"font-size: large\"><b>II. R\u00c1K\u00d3CZI FERENC:<\/b><\/span><\/span><span style=\"font-family: Verdana, sans-serif\"><span style=\"font-size: medium\">\u00a0(1676.m\u00e1rc.27. Borsi \u2013 1735. \u00e1pr.8. Rodost\u00f3)<\/span><\/span><\/span><\/h2>\r\n<h2 class=\"m_621616387268604044gmail-western\" align=\"JUSTIFY\"><span style=\"color: #009193\"><span style=\"font-family: Georgia, serif\"><span style=\"color: #000000\"><span style=\"font-family: Verdana, sans-serif\"><span style=\"font-size: medium\"><img class=\"size-medium wp-image-631 alignleft\" src=\"https:\/\/utazztopival.cafeblog.hu\/files\/2019\/04\/rakoczi02-185x300.jpg\" alt=\"\" width=\"185\" height=\"300\" \/>Magyar f\u0151nemes, a R\u00e1k\u00f3czi-szabads\u00e1gharc vezet\u0151je, egyben Magyarorsz\u00e1g vez\u00e9rl\u0151 fejedelme, erd\u00e9lyi fejedelem, I. R\u00e1k\u00f3czi Ferenc \u00e9s Zr\u00ednyi Ilona m\u00e1sodik gyermeke.<\/span><\/span><\/span><\/span><\/span><\/h2>\r\n<p align=\"JUSTIFY\"><span style=\"color: #000000\"><span style=\"font-family: Verdana, sans-serif\"><span style=\"font-size: medium\">Tudt\u00e1tok, hogy az Orsz\u00e1ggy\u0171l\u00e9s 2018. november 27-\u00e9n egyhang\u00falag elfogadta azt a hat\u00e1rozatot, amely a 2019-es esztend\u0151t\u00a0<\/span><\/span><\/span><span style=\"color: #000000\"><span style=\"font-family: Verdana, sans-serif\"><span style=\"font-size: medium\"><b>II. R\u00e1k\u00f3czi Ferenc-eml\u00e9k\u00e9v<\/b><\/span><\/span><\/span><span style=\"color: #000000\"><span style=\"font-family: Verdana, sans-serif\"><span style=\"font-size: medium\">nek nyilv\u00e1n\u00edtotta?<\/span><\/span><\/span><\/p>\r\n<p align=\"JUSTIFY\"><span style=\"color: #000000\"><span style=\"font-family: Verdana, sans-serif\"><span style=\"font-size: medium\">II. R\u00e1k\u00f3czi Ferencet 315 \u00e9ve, 1704. j\u00falius 8-\u00e1n Gyulafeh\u00e9rv\u00e1rott v\u00e1lasztott\u00e1k erd\u00e9lyi fejedelemm\u00e9 (\u0151 volt az utols\u00f3, aki bet\u00f6lt\u00f6tte ezt a tiszts\u00e9get...) \u00e9s egy \u00e9vvel k\u00e9s\u0151bb, 1705. szeptember 17-\u00e9n Sz\u00e9cs\u00e9nyben lett vez\u00e9rl\u0151 fejedelem, az orsz\u00e1g vezet\u0151je (\"dux &amp; princeps\" c\u00edm). Az \u00fcnnepi esem\u00e9nysor eg\u00e9szen 2020. szeptember 17-ig tart.<\/span><\/span><\/span><\/p>\r\n<p align=\"JUSTIFY\"><span style=\"color: #000000\"><span style=\"font-family: Verdana, sans-serif\"><span style=\"font-size: medium\">Neve szorosan \u00f6sszef\u00fcgg az \u00e1ltala 1703-ban ind\u00edtott R\u00e1k\u00f3czi-szabads\u00e1gharccal, mely r\u00e9v\u00e9n Magyarorsz\u00e1g teljes f\u00fcggetlens\u00e9g\u00e9t k\u00edv\u00e1nta visszaszerezni, hogy a Habsburg Birodalomt\u00f3l f\u00fcggetlen \u00e1llamm\u00e1 v\u00e1lj\u00e9k. E c\u00e9lnak megfelel\u0151en v\u00e1lasztott\u00e1k Erd\u00e9ly \u00e9s Magyarorsz\u00e1g fejedelm\u00e9v\u00e9, amelyhez t\u00f6k\u00e9letesen megfelelt, mivel R\u00e1k\u00f3czi Zsigmond erd\u00e9lyi fejedelem lesz\u00e1rmazottja volt, azonk\u00edv\u00fcl d\u00e9dapja \u00e9s nagyapja I. R\u00e1k\u00f3czi Gy\u00f6rgy \u00e9s II. R\u00e1k\u00f3czi Gy\u00f6rgy, tov\u00e1bb\u00e1 apja I. R\u00e1k\u00f3czi Ferenc is voltak erd\u00e9lyi fejedelmek.<\/span><\/span><\/span><\/p>\r\n<p align=\"JUSTIFY\"><span style=\"color: #000000\"><span style=\"font-family: Verdana, sans-serif\"><span style=\"font-size: medium\">Harca ugyan nem \u00e9rte el a k\u00edv\u00e1nt eredm\u00e9nyt, de r\u00e9szleges sikere m\u00e9gis volt: a Habsburgok elismert\u00e9k Erd\u00e9lyt \u00f6n\u00e1ll\u00f3 fejedelems\u00e9gk\u00e9nt \u00e9s nem gyarmatos\u00edtott\u00e1k. A magyars\u00e1g k\u00f6r\u00e9ben ma is tisztalelk\u0171 \u00e9s becs\u00fcletes vezet\u0151k\u00e9nt \u00e9l tov\u00e1bb eml\u00e9ke, szem\u00e9ly\u00e9t \u00e9s szabads\u00e1gharc\u00e1t sz\u00e1mos legenda \u0151rzi. Alakja a magyar szabads\u00e1g \u00e9s a v\u00e9gs\u0151kig kitart\u00e1s szimb\u00f3luma lett, legf\u0151k\u00e9ppen az\u00e9rt, mert az \u00f6nk\u00e9ntes sz\u00e1m\u0171zet\u00e9st is v\u00e1llalta \u00fcgy\u00e9\u00e9rt.<\/span><\/span><span style=\"font-family: Verdana, sans-serif\"><span style=\"font-size: medium\">\u00a0<\/span><\/span><span style=\"font-family: Verdana, sans-serif\"><span style=\"font-size: medium\">R\u00f6vid ideig Lengyelorsz\u00e1gban majd Franciaorsz\u00e1gban \u00e9lt. 1717-ben ker\u00fclt T\u00f6r\u00f6korsz\u00e1gba, Rodost\u00f3ba. Itt \u00e9lt kev\u00e9s k\u00eds\u00e9r\u0151ivel 1735-ben bek\u00f6vetkezett hal\u00e1l\u00e1ig. Hamvait 1906-ban a Kassai d\u00f3mban helyezt\u00e9k \u00f6r\u00f6k nyugalomba.<\/span><\/span><\/span><\/p>\r\n<p align=\"JUSTIFY\"><span style=\"color: #000000\"><span style=\"font-family: Verdana, sans-serif\"><span style=\"font-size: medium\"><u><b>\u00c9rdekess\u00e9gek:<\/b><\/u><\/span><\/span><\/span><\/p>\r\n<p align=\"JUSTIFY\"><span style=\"color: #000000\"><span style=\"font-family: Verdana, sans-serif\"><span style=\"font-size: medium\"><b>*<\/b><\/span><\/span><span style=\"color: #414141\"><span style=\"font-family: Verdana, sans-serif\"><span style=\"font-size: medium\">\u00a0<\/span><\/span><\/span><span style=\"font-family: Verdana, sans-serif\"><span style=\"font-size: medium\">Magyarorsz\u00e1gon k\u00e9t telep\u00fcl\u00e9s \u0151rzi a fejedelem nev\u00e9t (R\u00e1k\u00f3czifalva \u00e9s R\u00e1k\u00f3czi\u00fajfalu). Sz\u00e1mos v\u00e1rosban neveztek el r\u00f3la k\u00f6zter\u00fcleteket \u00e9s int\u00e9zm\u00e9nyeket (pl.: Bp. - R\u00e1k\u00f3czi \u00fat, Miskolc \u2013 k\u00f6nyvt\u00e1r, Sziksz\u00f3 \u2013 k\u00f3rh\u00e1z, Rodost\u00f3 \u2013 sug\u00e1r\u00fat).<\/span><\/span><\/span><\/p>\r\n<p align=\"JUSTIFY\"><span style=\"color: #000000\"><span style=\"font-family: Verdana, sans-serif\"><span style=\"font-size: medium\"><b>*<\/b><\/span><\/span><span style=\"font-family: Verdana, sans-serif\"><span style=\"font-size: medium\">\u00a0Arck\u00e9pe a pap\u00edr 500 forintosra ker\u00fclt.<\/span><\/span><\/span><\/p>\r\n<p align=\"JUSTIFY\"><span style=\"color: #000000\"><span style=\"font-family: Verdana, sans-serif\"><span style=\"font-size: medium\"><b>*<\/b><\/span><\/span><span style=\"font-family: Verdana, sans-serif\"><span style=\"font-size: medium\">\u00a0Nev\u00e9t \u0151rzi a nemzeti indul\u00f3, a R\u00e1k\u00f3czi-indul\u00f3.<\/span><\/span><\/span><\/p>\r\n<p align=\"JUSTIFY\"><span style=\"color: #000000\"><span style=\"font-family: Verdana, sans-serif\"><span style=\"font-size: medium\"><b>*<\/b><\/span><\/span><span style=\"font-family: Verdana, sans-serif\"><span style=\"font-size: medium\">\u00a0Tal\u00e1lunk m\u00e9g az orsz\u00e1gban r\u00f3la elnevezett forr\u00e1st (R\u00e1k\u00f3czi-forr\u00e1s \u2013 M\u00e1traf\u00fcred), f\u00e1t (Romh\u00e1nyban, B\u00e1csbors\u00f3d hat\u00e1r\u00e1ban, Par\u00e1df\u00fcrd\u0151n), t\u00far\u00e1t (R\u00e1k\u00f3czi-t\u00fara \u2013 Zempl\u00e9n-hegys\u00e9gi jelv\u00e9nyszerz\u0151 t\u00fara).<\/span><\/span><\/span><\/p>\r\n<p align=\"JUSTIFY\"><span style=\"color: #000000\"><span style=\"font-family: Verdana, sans-serif\"><span style=\"font-size: medium\"><b>*<\/b><\/span><\/span><span style=\"font-family: Verdana, sans-serif\"><span style=\"font-size: medium\">\u00a0Sokan II. R\u00e1k\u00f3czi Ferenc fi\u00e1nak tartj\u00e1k Eur\u00f3pa rejt\u00e9lyes ember\u00e9t, a misztikus Saint-Germain gr\u00f3fot.\u00a0<\/span><\/span><\/span><\/p>\r\n<p align=\"JUSTIFY\">Forr\u00e1s: www.irodalmilap.net<\/p>\r\n<p align=\"JUSTIFY\">\u00a0<\/p>\r\n<p align=\"JUSTIFY\">\u00a0<\/p>\r\n<h2><span style=\"color: #ff6600\"><span style=\"font-family: Verdana, sans-serif\"><span style=\"font-size: large\"><b>ZENTHE FERENC<\/b><\/span><\/span><span style=\"font-family: sans-serif\"><b>\u00a0<\/b><\/span><\/span><\/h2>\r\n<p>&nbsp;<\/p>\r\n<p><span style=\"color: #000000\"><span style=\"font-family: Verdana, sans-serif\"><span style=\"font-size: medium\"><img class=\"size-full wp-image-636 alignleft\" src=\"https:\/\/utazztopival.cafeblog.hu\/files\/2019\/04\/A-3081287-1394612219-1726.jpeg.jpg\" alt=\"\" width=\"200\" height=\"286\" \/>(sz\u00fcletett Rameshofer): (Salg\u00f3b\u00e1nya, 1920. \u00e1prilis 24. \u2013 Budapest, 2006. j\u00falius 30.)<\/span><\/span><\/span><\/p>\r\n<p align=\"JUSTIFY\"><span style=\"color: #000000\"><span style=\"font-family: Verdana, sans-serif\"><span style=\"font-size: medium\"><b>A Nemzet Sz\u00edn\u00e9sze c\u00edmmel kit\u00fcntetett, Kossuth-d\u00edjas \u00e9s k\u00e9tszeres J\u00e1szai Mari-d\u00edjas magyar sz\u00ednm\u0171v\u00e9sz, A Magyar K\u00f6zt\u00e1rsas\u00e1g \u00c9rdemes M\u0171v\u00e9sze \u00e9s Kiv\u00e1l\u00f3 M\u0171v\u00e9sze.<\/b><\/span><\/span><\/span><\/p>\r\n<p align=\"JUSTIFY\"><span style=\"color: #000000\"><span style=\"font-family: Verdana, sans-serif\"><span style=\"font-size: medium\">\u00c9desapja b\u00e1nyam\u00e9rn\u00f6kk\u00e9nt dolgozott a Rimamur\u00e1nyi Vasm\u0171 Rt. salg\u00f3i sz\u00e9nb\u00e1ny\u00e1in\u00e1l. \u00c9desanyja a helyi n\u0151egylet vezet\u0151je volt egy id\u0151ben. A kis Ferenc 10 \u00e9ves volt, amikor a csal\u00e1d Budapestre k\u00f6lt\u00f6z\u00f6tt.\u00a0<span style=\"color: #010101\">Egerbe j\u00e1rt intern\u00e1tusba, k\u00e9s\u0151bb Ny\u00edregyh\u00e1z\u00e1n \u00e9retts\u00e9gizett.<\/span><strong><span style=\"color: #010101\">\u00a0<\/span><\/strong><span style=\"color: #010101\">Be\u00edratkozott<\/span><strong><span style=\"color: #010101\">\u00a0<\/span><\/strong><span style=\"color: #010101\">az \u00f6nk\u00e9pz\u0151k\u00f6rbe.<\/span><\/span><\/span><\/span><\/p>\r\n<p align=\"JUSTIFY\"><span style=\"color: #000000\"><span style=\"font-family: Verdana, sans-serif\">N\u00e9gy szemesztert v\u00e9gzett a k\u00f6zgazdas\u00e1g-tudom\u00e1nyi karon, de otthagyta a Sz\u00ednm\u0171v\u00e9szeti Akad\u00e9mi\u00e1\u00e9rt.\u00a0<\/span><\/span><strong><span style=\"color: #000000\"><span style=\"font-family: Verdana, sans-serif\"><span style=\"font-size: medium\">1941<\/span><\/span><\/span><\/strong><span style=\"color: #000000\"><span style=\"font-family: Verdana, sans-serif\"><span style=\"font-size: medium\">-ben a Sz\u00ednm\u0171v\u00e9szeti Akad\u00e9mia hallgat\u00f3ja lett .\u00a0<\/span><\/span><\/span><strong><span style=\"color: #000000\"><span style=\"font-family: Verdana, sans-serif\"><span style=\"font-size: medium\">1942<\/span><\/span><\/span><\/strong><span style=\"color: #000000\"><span style=\"font-family: Verdana, sans-serif\"><span style=\"font-size: medium\">-ben m\u00e1sod\u00e9ves volt, amikor beh\u00edvt\u00e1k katon\u00e1nak \u00e9s a vil\u00e1gh\u00e1bor\u00fa ut\u00e1n nem folytatta a sz\u00edniakad\u00e9mi\u00e1t, hanem P\u00e9csre szerz\u0151d\u00f6tt (1945 \u2013 P\u00e9csi Nemzeti Sz\u00ednh\u00e1z). Majd<\/span><\/span><\/span>\u00a0<span style=\"color: #000000\"><span style=\"font-family: Verdana, sans-serif\">k\u00e9t \u00e9vad ut\u00e1n a gy\u0151ri Kisfaludy Sz\u00ednh\u00e1z , 1949-ben pedig a debreceni Csokonai Sz\u00ednh\u00e1z t\u00e1rsulat\u00e1nak tagja lett. V\u00e9g\u00fcl,\u00a0<\/span><\/span><span style=\"font-family: Verdana, sans-serif\">1952-t\u0151l a budapesti Mad\u00e1ch Sz\u00ednh\u00e1z sz\u00ednm\u0171v\u00e9sze.\u00a0<\/span><span style=\"color: #000000\"><span style=\"font-family: Verdana, sans-serif\"><span style=\"font-size: medium\">Els\u0151 filmszerep\u00e9t Nagy S\u00e1ndor honv\u00e9dt\u00e1bornokk\u00e9nt\u00a0<\/span><\/span><\/span><strong><span style=\"color: #000000\"><span style=\"font-family: Verdana, sans-serif\"><span style=\"font-size: medium\">1953<\/span><\/span><\/span><\/strong><span style=\"color: #000000\"><span style=\"font-family: Verdana, sans-serif\"><span style=\"font-size: medium\">-ban alak\u00edtotta a F\u00f6lt\u00e1madott a tengerben.<\/span><\/span><\/span><span style=\"color: #010101\"><span style=\"font-family: arial, trebuchet ms, tahoma, verdana\"><span>\u00a0<\/span><\/span><\/span><span style=\"color: #000000\"><span style=\"font-family: Verdana, sans-serif\">Atmoszf\u00e9rateremt\u0151 k\u00e9pess\u00e9ge, humora jellemszerepekben kiv\u00e1l\u00f3an \u00e9rv\u00e9nyes\u00fclt. Szinkronhangk\u00e9nt is bizony\u00edtott. P\u00e1ly\u00e1ja kezdet\u00e9t\u0151l a k\u00f6z\u00f6ns\u00e9g szeretete \u00f6vezte.<\/span><\/span><\/p>\r\n<p align=\"JUSTIFY\"><span style=\"color: #000000\"><span style=\"font-family: Verdana, sans-serif\"><u><b>Legismertebb filmjei:<\/b><\/u><\/span><\/span><\/p>\r\n<p align=\"JUSTIFY\"><span style=\"color: #000000\"><span style=\"font-family: Verdana, sans-serif\"><b>*<\/b>\u00a01953 - R\u00e1k\u00f3czi hadnagya<\/span><\/span><\/p>\r\n<p align=\"JUSTIFY\"><span style=\"color: #000000\"><span style=\"font-family: Verdana, sans-serif\"><b>*<\/b>\u00a01954 \u2013 2X2 n\u00e9ha 5<\/span><\/span><\/p>\r\n<p align=\"JUSTIFY\"><span style=\"color: #000000\"><span style=\"font-family: Verdana, sans-serif\"><b>*<\/b>\u00a01964 - A Tenkes kapit\u00e1nya<\/span><\/span><\/p>\r\n<p align=\"JUSTIFY\"><span style=\"color: #000000\"><span style=\"font-family: Verdana, sans-serif\"><b>*<\/b>\u00a01966 - Princ, a katona<\/span><\/span><\/p>\r\n<p align=\"JUSTIFY\"><span style=\"color: #000000\"><span style=\"font-family: Verdana, sans-serif\"><b>*<\/b>\u00a01967 - T\u00fcskev\u00e1r<\/span><\/span><\/p>\r\n<p align=\"JUSTIFY\"><span style=\"color: #000000\"><span style=\"font-family: Verdana, sans-serif\"><b>*<\/b>\u00a01968 - Egri csillagok<\/span><\/span><\/p>\r\n<p align=\"JUSTIFY\"><span style=\"color: #000000\"><span style=\"font-family: Verdana, sans-serif\"><b>*<\/b>\u00a01968 - A besz\u00e9l\u0151 k\u00f6nt\u00f6s<\/span><\/span><\/p>\r\n<p align=\"JUSTIFY\"><span style=\"color: #000000\"><span style=\"font-family: Verdana, sans-serif\"><b>*<\/b>\u00a01968 - Bors (filmsorozat)<\/span><\/span><\/p>\r\n<p align=\"JUSTIFY\"><span style=\"color: #000000\"><span style=\"font-family: Verdana, sans-serif\"><b>*<\/b>\u00a01970 - R\u00f3zsa S\u00e1ndor<\/span><\/span><\/p>\r\n<p align=\"JUSTIFY\"><span style=\"color: #000000\"><span style=\"font-family: Verdana, sans-serif\"><b>*<\/b>\u00a01971 \u2013 Hah\u00f3, \u00d6csi!<\/span><\/span><\/p>\r\n<p align=\"JUSTIFY\"><span style=\"color: #000000\"><span style=\"font-family: Verdana, sans-serif\"><b>*\u00a0<\/b>1971 - J\u00f3 est\u00e9t ny\u00e1r, j\u00f3 est\u00e9t szerelem!<\/span><\/span><\/p>\r\n<p align=\"JUSTIFY\"><span style=\"color: #000000\"><span style=\"font-family: Verdana, sans-serif\"><b>*<\/b>\u00a01971 - A fekete v\u00e1ros<\/span><\/span><\/p>\r\n<p align=\"LEFT\"><span style=\"color: #000000\"><span style=\"font-family: Verdana, sans-serif\"><span style=\"font-size: medium\"><b>*<\/b><\/span><\/span><\/span><span style=\"color: #010101\"><span style=\"font-family: arial, trebuchet ms, tahoma, verdana\"><span>\u00a0<\/span><\/span><\/span><strong><span style=\"color: #000000\"><span style=\"font-family: Verdana, sans-serif\"><span style=\"font-size: medium\">1987-1999\u00a0<\/span><\/span><\/span><\/strong><span style=\"color: #000000\"><span style=\"font-family: Verdana, sans-serif\"><span style=\"font-size: medium\">k\u00f6z\u00f6tt a Szomsz\u00e9dok c\u00edm\u0171 telereg\u00e9ny egyik szerepl\u0151je (Taki b\u00e1csi). A sorozat 1999. december 30-\u00e1n a 331. r\u00e9sszel fejez\u0151d\u00f6tt be.<\/span><\/span><\/span><\/p>\r\n<p align=\"JUSTIFY\"><span style=\"color: #000000\"><span style=\"font-family: Verdana, sans-serif\"><span style=\"font-size: medium\">Sz\u00e1mos\u00a0<\/span><\/span><\/span><span style=\"color: #000000\"><span style=\"font-family: Verdana, sans-serif\"><span style=\"font-size: medium\">d\u00edj<\/span><\/span><\/span><span style=\"color: #000000\"><span style=\"font-family: Verdana, sans-serif\"><span style=\"font-size: medium\">ban, elismer\u00e9sben r\u00e9szes\u00fclt. Pl.: 1954 - J\u00e1szai Mari-d\u00edj, 1968 - J\u00e1szai Mari-d\u00edj, 1975 - A Magyar K\u00f6zt\u00e1rsas\u00e1g \u00c9rdemes M\u0171v\u00e9sze, 1984 - Filmkritikusok d\u00edja, 1989 - A Magyar K\u00f6zt\u00e1rsas\u00e1g Kiv\u00e1l\u00f3 M\u0171v\u00e9sze, 1995 - Sz\u00ednh\u00e1zi aranygy\u0171r\u0171, 1995 - A Magyar K\u00f6zt\u00e1rsas\u00e1gi \u00c9rdemrend tisztikeresztje, 1997 \u2013 Kossuth-d\u00edj, 1997 - N\u00f3gr\u00e1d megye d\u00edszpolg\u00e1ra, 1998 - \u00d6r\u00f6k\u00f6s tags\u00e1g a Halhatatlanok T\u00e1rsulat\u00e1ban, 1999 - Csillagok Fal\u00e1nak-tagja, 2000 - Sikl\u00f3s d\u00edszpolg\u00e1ra, 2003 - Salg\u00f3tarj\u00e1n d\u00edszpolg\u00e1ra.<\/span><\/span><\/span><\/p>\r\n<p align=\"LEFT\"><strong><span style=\"color: #000000\"><span style=\"font-family: Verdana, sans-serif\"><span style=\"font-size: medium\">2005<\/span><\/span><\/span><\/strong><span style=\"color: #000000\"><span style=\"font-family: Verdana, sans-serif\"><span style=\"font-size: medium\">-ben a\u00a0<\/span><\/span><\/span><span style=\"color: #000000\"><span style=\"font-family: Verdana, sans-serif\"><span style=\"font-size: medium\"><b>nemzet sz\u00edn\u00e9sz\u00e9<\/b><\/span><\/span><\/span><span style=\"color: #000000\"><span style=\"font-family: Verdana, sans-serif\"><span style=\"font-size: medium\">v\u00e9 v\u00e1lasztott\u00e1k. Ugyanebben az \u00e9vben az MTA Magyar \u00d6r\u00f6ks\u00e9g-d\u00edjjal t\u00fcntett<\/span><\/span><\/span><span style=\"color: #000000\"><span style=\"font-family: Verdana, sans-serif\"><span style=\"font-size: medium\">e ki. Az indokl\u00e1s \u201esokoldal\u00fa ember\u00e1br\u00e1zol\u00e1s\u201d-\u00e1t emelte ki.<\/span><\/span><\/span><strong><span style=\"color: #010101\"><span style=\"font-family: arial, trebuchet ms, tahoma, verdana\"><span><br \/><\/span><\/span><\/span><\/strong><strong><span style=\"color: #000000\"><span style=\"font-family: Verdana, sans-serif\"><span style=\"font-size: medium\">2006 j\u00falius 30<\/span><\/span><\/span><\/strong><span style=\"color: #000000\"><span style=\"font-family: Verdana, sans-serif\"><span style=\"font-size: medium\">-\u00e1n nyolcvanhat \u00e9vesen hunyt el hossz\u00fa betegs\u00e9g \u00e9s k\u00f3rh\u00e1zi kezel\u00e9s ut\u00e1n t\u00fcd\u0151gyullad\u00e1sban. S\u00edrja: Budapesten, a Farkasr\u00e9ti temet\u0151ben van<\/span><\/span><\/span><span style=\"color: #010101\"><span style=\"font-family: arial, trebuchet ms, tahoma, verdana\"><span>.<\/span><\/span><\/span><\/p>\r\n<p><strong><span style=\"color: #000000\"><span style=\"font-family: Verdana, sans-serif\"><span style=\"font-size: medium\"><u><b>\u00c9rdekess\u00e9gek:<\/b><\/u><\/span><\/span><\/span><\/strong><\/p>\r\n<p align=\"LEFT\"><span style=\"color: #010101\"><span style=\"color: #000000\"><span style=\"font-family: Verdana, sans-serif\"><span style=\"font-size: medium\">* Szerepelt a Magyar R\u00e1di\u00f3 1959\u20132007 k\u00f6z\u00f6tt fut\u00f3 A Szab\u00f3 csal\u00e1d c\u00edm\u0171 r\u00e1di\u00f3s telenovell\u00e1j\u00e1ban is. (Ez volt Eur\u00f3pa leghosszabb \u00e9let\u0171 csal\u00e1dreg\u00e9ny-szer\u0171 r\u00e1di\u00f3j\u00e1t\u00e9ka)<\/span><\/span><\/span><span style=\"font-family: arial, trebuchet ms, tahoma, verdana\"><span>.<br \/><\/span><\/span><span style=\"color: #000000\"><span style=\"font-family: Verdana, sans-serif\"><span style=\"font-size: medium\">* 2007-ben sz\u00fcl\u0151faluj\u00e1ban, Salg\u00f3b\u00e1ny\u00e1n, eml\u00e9kparkot alap\u00edtottak tisztelet\u00e9re.<br \/>* 2007-ben teret neveztek el r\u00f3la Sikl\u00f3son.<\/span><\/span><\/span><span style=\"font-family: arial, trebuchet ms, tahoma, verdana\"><span><br \/><\/span><\/span><span style=\"color: #000000\"><span style=\"font-family: Verdana, sans-serif\"><span style=\"font-size: medium\">* Vett egy telket Balatonszepezden, ott t\u00f6lt\u00f6tte a nyarakat. K\u00e9t nagy szenved\u00e9lye volt: a lovagl\u00e1s \u00e9s a vitorl\u00e1z\u00e1s.<\/span><\/span><\/span><\/span><\/p>\r\n<p align=\"LEFT\"><span style=\"color: #010101\"><span style=\"font-family: arial, trebuchet ms, tahoma, verdana\"><span style=\"color: #000000\"><span style=\"font-family: Verdana, sans-serif\"><span style=\"font-size: medium\">* A salg\u00f3tarj\u00e1ni sz\u00ednh\u00e1zat is r\u00f3la nevezt\u00e9k el.<\/span><\/span><\/span><\/span><\/span><\/p>\r\n<p align=\"LEFT\">Forr\u00e1s: wikipedia.org<\/p>","type":"rich"}